{"id":98422,"date":"2026-04-22T14:18:09","date_gmt":"2026-04-22T12:18:09","guid":{"rendered":"https:\/\/novigrad.hr\/dogadanja\/dan-planete-zemlje-eko-akcija\/"},"modified":"2026-04-22T14:22:50","modified_gmt":"2026-04-22T12:22:50","slug":"dan-planete-zemlje-eko-akcija","status":"publish","type":"event","link":"https:\/\/novigrad.hr\/it\/eventi\/dan-planete-zemlje-eko-akcija\/","title":{"rendered":"GIORNATA DELLA TERRA &#8211; AZIONE ECOLOGICA"},"content":{"rendered":"\n<p>25.4. \/ 9h<\/p>\n\n\n\n<p>U subotu 25. travnja, odr\u017eava se eko akcija \u010di\u0161\u0107enja podmorja u organizaciji SRK \u201eErik Radin\u201c Novigrad <img decoding=\"async\" height=\"16\" width=\"16\" src=\"https:\/\/static.xx.fbcdn.net\/images\/emoji.php\/v9\/ta4\/1\/16\/1f93f.png\" alt=\"\ud83e\udd3f\"><a href=\"https:\/\/www.facebook.com\/SRK.Erik.Radin?__cft__[0]=AZbpl9vqi1YUN2CFcx43lmu5YvdErhxfRPeA6dDfl3JuoKaul-AfNWIeUK7Ewdojbn4hDCzDf8gUTOPVBFbMida93k0ULr7nJluIkBTGwm3fBsJl29zShbSyVGecvuhsl7pgwhEtVMhuZyLYB1aHIoNmr0uEDcUBfG3xyi39tfvi6Rrc-sRRJVzP96tGksxPWxw&amp;__tn__=-]K-R\">Sportsko ribolovni klub Erik Radin<\/a><\/p>\n\n\n\n<p>Okupljanje u 9:00 sati u Mandra\u010du (kod caffe bara Skipper)<\/p>\n\n\n\n<p>Nakon toga slijedi organizirano \u010di\u0161\u0107enje podmorja uz sudjelovanje ronilaca i volontera<\/p>\n\n\n\n<p>Cilj akcije je o\u010duvanje morskog okoli\u0161a, uklanjanje otpada iz mora i podizanje svijesti o va\u017enosti za\u0161tite prirode.<\/p>\n\n\n\n<hr class=\"wp-block-separator has-alpha-channel-opacity\"\/>\n\n\n\n<p>Sabato 25 aprile si terr\u00e0 un\u2019azione ecologica di pulizia dei fondali marini, organizzata dal SRK \u201eErik Radin\u201c Novigrad &#8211; Cittanova.<\/p>\n\n\n\n<p>Ritrovo alle ore 9:00 nel porto Mandracchio (presso il caff\u00e8 Skipper)<\/p>\n\n\n\n<p>Seguir\u00e0 la pulizia organizzata dei fondali con la partecipazione di sub e volontari<\/p>\n\n\n\n<p>L\u2019obiettivo \u00e8 proteggere l\u2019ambiente marino, rimuovere i rifiuti dal mare e sensibilizzare sull\u2019importanza della tutela della natura.<\/p>\n\n\n\n<p><\/p>\n\n\n\n<p><\/p>\n","protected":false},"author":6,"featured_media":98423,"template":"","organizer-taxonomy":[105],"event-taxonomy":[233],"class_list":["post-98422","event","type-event","status-publish","has-post-thumbnail","hentry","organizer-taxonomy-muzej-museo-lapidarium-it","event-taxonomy-cultura-e-divertimento-it"],"blocksy_meta":[],"yoast_head":"<!-- This site is optimized with the Yoast SEO plugin v27.4 - https:\/\/yoast.com\/product\/yoast-seo-wordpress\/ -->\n<title>GIORNATA DELLA TERRA - AZIONE ECOLOGICA &#8211; Grad Novigrad-Cittanova | La Citt\u00e0 di Novigrad-Cittanova<\/title>\n<meta name=\"description\" content=\"GIORNATA DELLA TERRA - AZIONE ECOLOGICA\" \/>\n<meta name=\"robots\" content=\"index, follow, max-snippet:-1, max-image-preview:large, max-video-preview:-1\" \/>\n<link rel=\"canonical\" href=\"https:\/\/novigrad.hr\/it\/eventi\/dan-planete-zemlje-eko-akcija\/\" \/>\n<meta property=\"og:locale\" content=\"it_IT\" \/>\n<meta property=\"og:type\" content=\"article\" \/>\n<meta property=\"og:title\" content=\"GIORNATA DELLA TERRA - AZIONE ECOLOGICA &#8211; Grad Novigrad-Cittanova | La Citt\u00e0 di Novigrad-Cittanova\" \/>\n<meta property=\"og:description\" content=\"GIORNATA DELLA TERRA - AZIONE ECOLOGICA\" \/>\n<meta property=\"og:url\" content=\"https:\/\/novigrad.hr\/it\/eventi\/dan-planete-zemlje-eko-akcija\/\" \/>\n<meta property=\"og:site_name\" content=\"Grad Novigrad-Cittanova | La Citt\u00e0 di Novigrad-Cittanova\" \/>\n<meta property=\"article:modified_time\" content=\"2026-04-22T12:22:50+00:00\" \/>\n<meta property=\"og:image\" content=\"https:\/\/novigrad.hr\/media\/2026\/04\/dan-planete-zemlje-2026.jpg\" \/>\n\t<meta property=\"og:image:width\" content=\"640\" \/>\n\t<meta property=\"og:image:height\" content=\"800\" \/>\n\t<meta property=\"og:image:type\" content=\"image\/jpeg\" \/>\n<meta name=\"twitter:card\" content=\"summary_large_image\" \/>\n<meta name=\"twitter:label1\" content=\"Tempo di lettura stimato\" \/>\n\t<meta name=\"twitter:data1\" content=\"1 minuto\" \/>\n<script type=\"application\/ld+json\" class=\"yoast-schema-graph\">{\"@context\":\"https:\\\/\\\/schema.org\",\"@graph\":[{\"@type\":\"WebPage\",\"@id\":\"https:\\\/\\\/novigrad.hr\\\/it\\\/eventi\\\/dan-planete-zemlje-eko-akcija\\\/\",\"url\":\"https:\\\/\\\/novigrad.hr\\\/it\\\/eventi\\\/dan-planete-zemlje-eko-akcija\\\/\",\"name\":\"GIORNATA DELLA TERRA - AZIONE ECOLOGICA &#8211; Grad Novigrad-Cittanova | La Citt\u00e0 di Novigrad-Cittanova\",\"isPartOf\":{\"@id\":\"https:\\\/\\\/novigrad.hr\\\/it\\\/#website\"},\"primaryImageOfPage\":{\"@id\":\"https:\\\/\\\/novigrad.hr\\\/it\\\/eventi\\\/dan-planete-zemlje-eko-akcija\\\/#primaryimage\"},\"image\":{\"@id\":\"https:\\\/\\\/novigrad.hr\\\/it\\\/eventi\\\/dan-planete-zemlje-eko-akcija\\\/#primaryimage\"},\"thumbnailUrl\":\"https:\\\/\\\/novigrad.hr\\\/media\\\/2026\\\/04\\\/dan-planete-zemlje-2026.jpg\",\"datePublished\":\"2026-04-22T12:18:09+00:00\",\"dateModified\":\"2026-04-22T12:22:50+00:00\",\"description\":\"GIORNATA DELLA TERRA - AZIONE ECOLOGICA\",\"breadcrumb\":{\"@id\":\"https:\\\/\\\/novigrad.hr\\\/it\\\/eventi\\\/dan-planete-zemlje-eko-akcija\\\/#breadcrumb\"},\"inLanguage\":\"it-IT\",\"potentialAction\":[{\"@type\":\"ReadAction\",\"target\":[\"https:\\\/\\\/novigrad.hr\\\/it\\\/eventi\\\/dan-planete-zemlje-eko-akcija\\\/\"]}]},{\"@type\":\"ImageObject\",\"inLanguage\":\"it-IT\",\"@id\":\"https:\\\/\\\/novigrad.hr\\\/it\\\/eventi\\\/dan-planete-zemlje-eko-akcija\\\/#primaryimage\",\"url\":\"https:\\\/\\\/novigrad.hr\\\/media\\\/2026\\\/04\\\/dan-planete-zemlje-2026.jpg\",\"contentUrl\":\"https:\\\/\\\/novigrad.hr\\\/media\\\/2026\\\/04\\\/dan-planete-zemlje-2026.jpg\",\"width\":640,\"height\":800},{\"@type\":\"BreadcrumbList\",\"@id\":\"https:\\\/\\\/novigrad.hr\\\/it\\\/eventi\\\/dan-planete-zemlje-eko-akcija\\\/#breadcrumb\",\"itemListElement\":[{\"@type\":\"ListItem\",\"position\":1,\"name\":\"Home\",\"item\":\"https:\\\/\\\/novigrad.hr\\\/it\\\/\"},{\"@type\":\"ListItem\",\"position\":2,\"name\":\"Eventi\",\"item\":\"https:\\\/\\\/novigrad.hr\\\/it\\\/eventi\\\/\"},{\"@type\":\"ListItem\",\"position\":3,\"name\":\"GIORNATA DELLA TERRA &#8211; AZIONE ECOLOGICA\"}]},{\"@type\":\"WebSite\",\"@id\":\"https:\\\/\\\/novigrad.hr\\\/it\\\/#website\",\"url\":\"https:\\\/\\\/novigrad.hr\\\/it\\\/\",\"name\":\"Grad Novigrad-Cittanova | La Citt\u00e0 di Novigrad-Cittanova\",\"description\":\"Slu\u017ebene stranice Grada Novigrad-Cittanova | Sito ufficiale della Citt\u00e0 di Novigrad - Cittanova\",\"publisher\":{\"@id\":\"https:\\\/\\\/novigrad.hr\\\/it\\\/#organization\"},\"alternateName\":\"Grad Novigrad-Cittanova | La Citt\u00e0 di Novigrad-Cittanova\",\"potentialAction\":[{\"@type\":\"SearchAction\",\"target\":{\"@type\":\"EntryPoint\",\"urlTemplate\":\"https:\\\/\\\/novigrad.hr\\\/it\\\/?s={search_term_string}\"},\"query-input\":{\"@type\":\"PropertyValueSpecification\",\"valueRequired\":true,\"valueName\":\"search_term_string\"}}],\"inLanguage\":\"it-IT\"},{\"@type\":\"Organization\",\"@id\":\"https:\\\/\\\/novigrad.hr\\\/it\\\/#organization\",\"name\":\"Grad Novigrad - Cittanova\",\"url\":\"https:\\\/\\\/novigrad.hr\\\/it\\\/\",\"logo\":{\"@type\":\"ImageObject\",\"inLanguage\":\"it-IT\",\"@id\":\"https:\\\/\\\/novigrad.hr\\\/it\\\/#\\\/schema\\\/logo\\\/image\\\/\",\"url\":\"https:\\\/\\\/novigrad.hr\\\/media\\\/2022\\\/03\\\/NG-CN-logo.png\",\"contentUrl\":\"https:\\\/\\\/novigrad.hr\\\/media\\\/2022\\\/03\\\/NG-CN-logo.png\",\"width\":600,\"height\":100,\"caption\":\"Grad Novigrad - Cittanova\"},\"image\":{\"@id\":\"https:\\\/\\\/novigrad.hr\\\/it\\\/#\\\/schema\\\/logo\\\/image\\\/\"}}]}<\/script>\n<!-- \/ Yoast SEO plugin. -->","yoast_head_json":{"title":"GIORNATA DELLA TERRA - AZIONE ECOLOGICA &#8211; Grad Novigrad-Cittanova | La Citt\u00e0 di Novigrad-Cittanova","description":"GIORNATA DELLA TERRA - AZIONE ECOLOGICA","robots":{"index":"index","follow":"follow","max-snippet":"max-snippet:-1","max-image-preview":"max-image-preview:large","max-video-preview":"max-video-preview:-1"},"canonical":"https:\/\/novigrad.hr\/it\/eventi\/dan-planete-zemlje-eko-akcija\/","og_locale":"it_IT","og_type":"article","og_title":"GIORNATA DELLA TERRA - AZIONE ECOLOGICA &#8211; Grad Novigrad-Cittanova | La Citt\u00e0 di Novigrad-Cittanova","og_description":"GIORNATA DELLA TERRA - AZIONE ECOLOGICA","og_url":"https:\/\/novigrad.hr\/it\/eventi\/dan-planete-zemlje-eko-akcija\/","og_site_name":"Grad Novigrad-Cittanova | La Citt\u00e0 di Novigrad-Cittanova","article_modified_time":"2026-04-22T12:22:50+00:00","og_image":[{"width":640,"height":800,"url":"https:\/\/novigrad.hr\/media\/2026\/04\/dan-planete-zemlje-2026.jpg","type":"image\/jpeg"}],"twitter_card":"summary_large_image","twitter_misc":{"Tempo di lettura stimato":"1 minuto"},"schema":{"@context":"https:\/\/schema.org","@graph":[{"@type":"WebPage","@id":"https:\/\/novigrad.hr\/it\/eventi\/dan-planete-zemlje-eko-akcija\/","url":"https:\/\/novigrad.hr\/it\/eventi\/dan-planete-zemlje-eko-akcija\/","name":"GIORNATA DELLA TERRA - AZIONE ECOLOGICA &#8211; Grad Novigrad-Cittanova | La Citt\u00e0 di Novigrad-Cittanova","isPartOf":{"@id":"https:\/\/novigrad.hr\/it\/#website"},"primaryImageOfPage":{"@id":"https:\/\/novigrad.hr\/it\/eventi\/dan-planete-zemlje-eko-akcija\/#primaryimage"},"image":{"@id":"https:\/\/novigrad.hr\/it\/eventi\/dan-planete-zemlje-eko-akcija\/#primaryimage"},"thumbnailUrl":"https:\/\/novigrad.hr\/media\/2026\/04\/dan-planete-zemlje-2026.jpg","datePublished":"2026-04-22T12:18:09+00:00","dateModified":"2026-04-22T12:22:50+00:00","description":"GIORNATA DELLA TERRA - AZIONE ECOLOGICA","breadcrumb":{"@id":"https:\/\/novigrad.hr\/it\/eventi\/dan-planete-zemlje-eko-akcija\/#breadcrumb"},"inLanguage":"it-IT","potentialAction":[{"@type":"ReadAction","target":["https:\/\/novigrad.hr\/it\/eventi\/dan-planete-zemlje-eko-akcija\/"]}]},{"@type":"ImageObject","inLanguage":"it-IT","@id":"https:\/\/novigrad.hr\/it\/eventi\/dan-planete-zemlje-eko-akcija\/#primaryimage","url":"https:\/\/novigrad.hr\/media\/2026\/04\/dan-planete-zemlje-2026.jpg","contentUrl":"https:\/\/novigrad.hr\/media\/2026\/04\/dan-planete-zemlje-2026.jpg","width":640,"height":800},{"@type":"BreadcrumbList","@id":"https:\/\/novigrad.hr\/it\/eventi\/dan-planete-zemlje-eko-akcija\/#breadcrumb","itemListElement":[{"@type":"ListItem","position":1,"name":"Home","item":"https:\/\/novigrad.hr\/it\/"},{"@type":"ListItem","position":2,"name":"Eventi","item":"https:\/\/novigrad.hr\/it\/eventi\/"},{"@type":"ListItem","position":3,"name":"GIORNATA DELLA TERRA &#8211; AZIONE ECOLOGICA"}]},{"@type":"WebSite","@id":"https:\/\/novigrad.hr\/it\/#website","url":"https:\/\/novigrad.hr\/it\/","name":"Grad Novigrad-Cittanova | La Citt\u00e0 di Novigrad-Cittanova","description":"Slu\u017ebene stranice Grada Novigrad-Cittanova | Sito ufficiale della Citt\u00e0 di Novigrad - Cittanova","publisher":{"@id":"https:\/\/novigrad.hr\/it\/#organization"},"alternateName":"Grad Novigrad-Cittanova | La Citt\u00e0 di Novigrad-Cittanova","potentialAction":[{"@type":"SearchAction","target":{"@type":"EntryPoint","urlTemplate":"https:\/\/novigrad.hr\/it\/?s={search_term_string}"},"query-input":{"@type":"PropertyValueSpecification","valueRequired":true,"valueName":"search_term_string"}}],"inLanguage":"it-IT"},{"@type":"Organization","@id":"https:\/\/novigrad.hr\/it\/#organization","name":"Grad Novigrad - Cittanova","url":"https:\/\/novigrad.hr\/it\/","logo":{"@type":"ImageObject","inLanguage":"it-IT","@id":"https:\/\/novigrad.hr\/it\/#\/schema\/logo\/image\/","url":"https:\/\/novigrad.hr\/media\/2022\/03\/NG-CN-logo.png","contentUrl":"https:\/\/novigrad.hr\/media\/2022\/03\/NG-CN-logo.png","width":600,"height":100,"caption":"Grad Novigrad - Cittanova"},"image":{"@id":"https:\/\/novigrad.hr\/it\/#\/schema\/logo\/image\/"}}]}},"_links":{"self":[{"href":"https:\/\/novigrad.hr\/it\/wp-json\/wp\/v2\/event\/98422","targetHints":{"allow":["GET"]}}],"collection":[{"href":"https:\/\/novigrad.hr\/it\/wp-json\/wp\/v2\/event"}],"about":[{"href":"https:\/\/novigrad.hr\/it\/wp-json\/wp\/v2\/types\/event"}],"author":[{"embeddable":true,"href":"https:\/\/novigrad.hr\/it\/wp-json\/wp\/v2\/users\/6"}],"version-history":[{"count":1,"href":"https:\/\/novigrad.hr\/it\/wp-json\/wp\/v2\/event\/98422\/revisions"}],"predecessor-version":[{"id":98425,"href":"https:\/\/novigrad.hr\/it\/wp-json\/wp\/v2\/event\/98422\/revisions\/98425"}],"wp:featuredmedia":[{"embeddable":true,"href":"https:\/\/novigrad.hr\/it\/wp-json\/wp\/v2\/media\/98423"}],"wp:attachment":[{"href":"https:\/\/novigrad.hr\/it\/wp-json\/wp\/v2\/media?parent=98422"}],"wp:term":[{"taxonomy":"organizer-taxonomy","embeddable":true,"href":"https:\/\/novigrad.hr\/it\/wp-json\/wp\/v2\/organizer-taxonomy?post=98422"},{"taxonomy":"event-taxonomy","embeddable":true,"href":"https:\/\/novigrad.hr\/it\/wp-json\/wp\/v2\/event-taxonomy?post=98422"}],"curies":[{"name":"wp","href":"https:\/\/api.w.org\/{rel}","templated":true}]}}