{"id":98625,"date":"2026-04-30T10:08:17","date_gmt":"2026-04-30T08:08:17","guid":{"rendered":"https:\/\/novigrad.hr\/dogadanja\/talk-show-video-podcast-ako-mene-pitas-2\/"},"modified":"2026-04-30T10:09:18","modified_gmt":"2026-04-30T08:09:18","slug":"talk-show-video-podcast-ako-mene-pitas-2","status":"publish","type":"event","link":"https:\/\/novigrad.hr\/it\/eventi\/talk-show-video-podcast-ako-mene-pitas-2\/","title":{"rendered":"TALK SHOW \/ VIDEO PODCAST : Se lo chiedi a me&#8230;"},"content":{"rendered":"\n<p><strong>6. 5. \/ 20h<\/strong><\/p>\n\n\n\n<p>Slobodan ulaz \/ Ingresso libero<\/p>\n\n\n\n<p>Nakon uspje\u0161nog ciklusa razgovora s prof. Koradom Korlevi\u0107em, koji su u CMIK doveli publiku \u017eeljnu znanja, promi\u0161ljanja i otvorenog dijaloga, vrijeme je za novi programski iskorak. CMIK pokre\u0107e novi programski format \u2013 talk show \/ video podcast \u201eAko mene pita\u0161\u2026\u201d, realiziran u suradnji s iznimno \u010ditanim portalom<strong>&nbsp;<em><a href=\"http:\/\/istarski.hr\/\" target=\"_blank\" rel=\"noreferrer noopener\">Istarski.hr<\/a><\/em>.<\/strong><\/p>\n\n\n\n<p>U drugom izdanju naslovljenom \u201cT \u2013 kao turizam\u201d, u goste dolazi Veljko Ostoji\u0107, turisti\u010dki djelatnik i stru\u010dnjak s bogatim iskustvom, aktualni predsjednik Hrvatske udruge turizma, dok \u0107e s druge strane teme otvarati i propitivati i Robert Frank, novinar i medijski djelatnik, dugi niz godina glavni urednik Glasa Istre. Razgovor vodi Milan Pavlovi\u0107.<\/p>\n\n\n\n<p>Vi\u0161e o doga\u0111aju &#8211; <a href=\"https:\/\/cmik-cmc.hr\/dogadanja\/talk-show-video-podcast-ako-mene-pitas\/\" type=\"link\" id=\"https:\/\/cmik-cmc.hr\/dogadanja\/talk-show-video-podcast-ako-mene-pitas\/\">OVDJE<\/a>.<\/p>\n\n\n\n<hr class=\"wp-block-separator has-alpha-channel-opacity\"\/>\n\n\n\n<p>Dopo il successo del ciclo di incontri con il prof. Korado Korlevi\u0107, che ha portato al CMIK\/CMC un pubblico desideroso di conoscenza, riflessione e dialogo aperto, \u00e8 il momento del passo successivo.<br>Il CMIK\/CMC lancia un nuovo format programmatico \u2013 il talk show \/ video podcast&nbsp;<strong>\u201eAko mene pita\u0161\u2026 \/ Se lo chiedi a me\u2026\u201d<\/strong>, realizzato in collaborazione con il portale istriano&nbsp;<em>istarski.hr<\/em>, che porta un ventaglio pi\u00f9 ampio di ospiti e temi che non vengono evitati \u2013 ma affrontati apertamente.<\/p>\n\n\n\n<p>Nella seconda edizione, intitolata \u201cT \u2013 come turismo\u201d, sar\u00e0 ospite Veljko Ostoji\u0107, operatore turistico ed esperto con una vasta esperienza, attuale presidente dell\u2019Associazione croata del turismo, mentre dall\u2019altro lato i temi saranno introdotti e approfonditi anche da Robert Frank, giornalista e professionista dei media, per molti anni direttore responsabile del quotidiano Glas Istre. L\u2019incontro \u00e8 moderato da Milan Pavlovi\u0107.<\/p>\n\n\n\n<p>Scopri di piu` &#8211; <a href=\"https:\/\/cmik-cmc.hr\/it\/dogadanja\/talk-show-video-podcast-se-lo-chiedi-a-me\/\" type=\"link\" id=\"https:\/\/cmik-cmc.hr\/it\/dogadanja\/talk-show-video-podcast-se-lo-chiedi-a-me\/\">QUI<\/a>.<\/p>\n","protected":false},"author":6,"featured_media":98626,"template":"","organizer-taxonomy":[109],"event-taxonomy":[233],"class_list":["post-98625","event","type-event","status-publish","has-post-thumbnail","hentry","organizer-taxonomy-cmc","event-taxonomy-cultura-e-divertimento-it"],"blocksy_meta":[],"yoast_head":"<!-- This site is optimized with the Yoast SEO plugin v27.4 - https:\/\/yoast.com\/product\/yoast-seo-wordpress\/ -->\n<title>TALK SHOW \/ VIDEO PODCAST : Se lo chiedi a me...<\/title>\n<meta name=\"description\" content=\"TALK SHOW \/ VIDEO PODCAST : Se lo chiedi a me...\" \/>\n<meta name=\"robots\" content=\"index, follow, max-snippet:-1, max-image-preview:large, max-video-preview:-1\" \/>\n<link rel=\"canonical\" href=\"https:\/\/novigrad.hr\/it\/eventi\/talk-show-video-podcast-ako-mene-pitas-2\/\" \/>\n<meta property=\"og:locale\" content=\"it_IT\" \/>\n<meta property=\"og:type\" content=\"article\" \/>\n<meta property=\"og:title\" content=\"TALK SHOW \/ VIDEO PODCAST : Se lo chiedi a me...\" \/>\n<meta property=\"og:description\" content=\"TALK SHOW \/ VIDEO PODCAST : Se lo chiedi a me...\" \/>\n<meta property=\"og:url\" content=\"https:\/\/novigrad.hr\/it\/eventi\/talk-show-video-podcast-ako-mene-pitas-2\/\" \/>\n<meta property=\"og:site_name\" content=\"Grad Novigrad-Cittanova | La Citt\u00e0 di Novigrad-Cittanova\" \/>\n<meta property=\"article:modified_time\" content=\"2026-04-30T08:09:18+00:00\" \/>\n<meta property=\"og:image\" content=\"https:\/\/novigrad.hr\/media\/2026\/04\/TV-baner_Talk-show_6.5.2026_-1536x864-1.jpg\" \/>\n\t<meta property=\"og:image:width\" content=\"1536\" \/>\n\t<meta property=\"og:image:height\" content=\"864\" \/>\n\t<meta property=\"og:image:type\" content=\"image\/jpeg\" \/>\n<meta name=\"twitter:card\" content=\"summary_large_image\" \/>\n<meta name=\"twitter:label1\" content=\"Tempo di lettura stimato\" \/>\n\t<meta name=\"twitter:data1\" content=\"1 minuto\" \/>\n<script type=\"application\/ld+json\" class=\"yoast-schema-graph\">{\"@context\":\"https:\\\/\\\/schema.org\",\"@graph\":[{\"@type\":\"WebPage\",\"@id\":\"https:\\\/\\\/novigrad.hr\\\/it\\\/eventi\\\/talk-show-video-podcast-ako-mene-pitas-2\\\/\",\"url\":\"https:\\\/\\\/novigrad.hr\\\/it\\\/eventi\\\/talk-show-video-podcast-ako-mene-pitas-2\\\/\",\"name\":\"TALK SHOW \\\/ VIDEO PODCAST : Se lo chiedi a me...\",\"isPartOf\":{\"@id\":\"https:\\\/\\\/novigrad.hr\\\/it\\\/#website\"},\"primaryImageOfPage\":{\"@id\":\"https:\\\/\\\/novigrad.hr\\\/it\\\/eventi\\\/talk-show-video-podcast-ako-mene-pitas-2\\\/#primaryimage\"},\"image\":{\"@id\":\"https:\\\/\\\/novigrad.hr\\\/it\\\/eventi\\\/talk-show-video-podcast-ako-mene-pitas-2\\\/#primaryimage\"},\"thumbnailUrl\":\"https:\\\/\\\/novigrad.hr\\\/media\\\/2026\\\/04\\\/TV-baner_Talk-show_6.5.2026_-1536x864-1.jpg\",\"datePublished\":\"2026-04-30T08:08:17+00:00\",\"dateModified\":\"2026-04-30T08:09:18+00:00\",\"description\":\"TALK SHOW \\\/ VIDEO PODCAST : Se lo chiedi a me...\",\"breadcrumb\":{\"@id\":\"https:\\\/\\\/novigrad.hr\\\/it\\\/eventi\\\/talk-show-video-podcast-ako-mene-pitas-2\\\/#breadcrumb\"},\"inLanguage\":\"it-IT\",\"potentialAction\":[{\"@type\":\"ReadAction\",\"target\":[\"https:\\\/\\\/novigrad.hr\\\/it\\\/eventi\\\/talk-show-video-podcast-ako-mene-pitas-2\\\/\"]}]},{\"@type\":\"ImageObject\",\"inLanguage\":\"it-IT\",\"@id\":\"https:\\\/\\\/novigrad.hr\\\/it\\\/eventi\\\/talk-show-video-podcast-ako-mene-pitas-2\\\/#primaryimage\",\"url\":\"https:\\\/\\\/novigrad.hr\\\/media\\\/2026\\\/04\\\/TV-baner_Talk-show_6.5.2026_-1536x864-1.jpg\",\"contentUrl\":\"https:\\\/\\\/novigrad.hr\\\/media\\\/2026\\\/04\\\/TV-baner_Talk-show_6.5.2026_-1536x864-1.jpg\",\"width\":1536,\"height\":864},{\"@type\":\"BreadcrumbList\",\"@id\":\"https:\\\/\\\/novigrad.hr\\\/it\\\/eventi\\\/talk-show-video-podcast-ako-mene-pitas-2\\\/#breadcrumb\",\"itemListElement\":[{\"@type\":\"ListItem\",\"position\":1,\"name\":\"Home\",\"item\":\"https:\\\/\\\/novigrad.hr\\\/it\\\/\"},{\"@type\":\"ListItem\",\"position\":2,\"name\":\"Eventi\",\"item\":\"https:\\\/\\\/novigrad.hr\\\/it\\\/eventi\\\/\"},{\"@type\":\"ListItem\",\"position\":3,\"name\":\"TALK SHOW \\\/ VIDEO PODCAST : Se lo chiedi a me&#8230;\"}]},{\"@type\":\"WebSite\",\"@id\":\"https:\\\/\\\/novigrad.hr\\\/it\\\/#website\",\"url\":\"https:\\\/\\\/novigrad.hr\\\/it\\\/\",\"name\":\"Grad Novigrad-Cittanova | La Citt\u00e0 di Novigrad-Cittanova\",\"description\":\"Slu\u017ebene stranice Grada Novigrad-Cittanova | Sito ufficiale della Citt\u00e0 di Novigrad - Cittanova\",\"publisher\":{\"@id\":\"https:\\\/\\\/novigrad.hr\\\/it\\\/#organization\"},\"alternateName\":\"Grad Novigrad-Cittanova | La Citt\u00e0 di Novigrad-Cittanova\",\"potentialAction\":[{\"@type\":\"SearchAction\",\"target\":{\"@type\":\"EntryPoint\",\"urlTemplate\":\"https:\\\/\\\/novigrad.hr\\\/it\\\/?s={search_term_string}\"},\"query-input\":{\"@type\":\"PropertyValueSpecification\",\"valueRequired\":true,\"valueName\":\"search_term_string\"}}],\"inLanguage\":\"it-IT\"},{\"@type\":\"Organization\",\"@id\":\"https:\\\/\\\/novigrad.hr\\\/it\\\/#organization\",\"name\":\"Grad Novigrad - Cittanova\",\"url\":\"https:\\\/\\\/novigrad.hr\\\/it\\\/\",\"logo\":{\"@type\":\"ImageObject\",\"inLanguage\":\"it-IT\",\"@id\":\"https:\\\/\\\/novigrad.hr\\\/it\\\/#\\\/schema\\\/logo\\\/image\\\/\",\"url\":\"https:\\\/\\\/novigrad.hr\\\/media\\\/2022\\\/03\\\/NG-CN-logo.png\",\"contentUrl\":\"https:\\\/\\\/novigrad.hr\\\/media\\\/2022\\\/03\\\/NG-CN-logo.png\",\"width\":600,\"height\":100,\"caption\":\"Grad Novigrad - Cittanova\"},\"image\":{\"@id\":\"https:\\\/\\\/novigrad.hr\\\/it\\\/#\\\/schema\\\/logo\\\/image\\\/\"}}]}<\/script>\n<!-- \/ Yoast SEO plugin. -->","yoast_head_json":{"title":"TALK SHOW \/ VIDEO PODCAST : Se lo chiedi a me...","description":"TALK SHOW \/ VIDEO PODCAST : Se lo chiedi a me...","robots":{"index":"index","follow":"follow","max-snippet":"max-snippet:-1","max-image-preview":"max-image-preview:large","max-video-preview":"max-video-preview:-1"},"canonical":"https:\/\/novigrad.hr\/it\/eventi\/talk-show-video-podcast-ako-mene-pitas-2\/","og_locale":"it_IT","og_type":"article","og_title":"TALK SHOW \/ VIDEO PODCAST : Se lo chiedi a me...","og_description":"TALK SHOW \/ VIDEO PODCAST : Se lo chiedi a me...","og_url":"https:\/\/novigrad.hr\/it\/eventi\/talk-show-video-podcast-ako-mene-pitas-2\/","og_site_name":"Grad Novigrad-Cittanova | La Citt\u00e0 di Novigrad-Cittanova","article_modified_time":"2026-04-30T08:09:18+00:00","og_image":[{"width":1536,"height":864,"url":"https:\/\/novigrad.hr\/media\/2026\/04\/TV-baner_Talk-show_6.5.2026_-1536x864-1.jpg","type":"image\/jpeg"}],"twitter_card":"summary_large_image","twitter_misc":{"Tempo di lettura stimato":"1 minuto"},"schema":{"@context":"https:\/\/schema.org","@graph":[{"@type":"WebPage","@id":"https:\/\/novigrad.hr\/it\/eventi\/talk-show-video-podcast-ako-mene-pitas-2\/","url":"https:\/\/novigrad.hr\/it\/eventi\/talk-show-video-podcast-ako-mene-pitas-2\/","name":"TALK SHOW \/ VIDEO PODCAST : Se lo chiedi a me...","isPartOf":{"@id":"https:\/\/novigrad.hr\/it\/#website"},"primaryImageOfPage":{"@id":"https:\/\/novigrad.hr\/it\/eventi\/talk-show-video-podcast-ako-mene-pitas-2\/#primaryimage"},"image":{"@id":"https:\/\/novigrad.hr\/it\/eventi\/talk-show-video-podcast-ako-mene-pitas-2\/#primaryimage"},"thumbnailUrl":"https:\/\/novigrad.hr\/media\/2026\/04\/TV-baner_Talk-show_6.5.2026_-1536x864-1.jpg","datePublished":"2026-04-30T08:08:17+00:00","dateModified":"2026-04-30T08:09:18+00:00","description":"TALK SHOW \/ VIDEO PODCAST : Se lo chiedi a me...","breadcrumb":{"@id":"https:\/\/novigrad.hr\/it\/eventi\/talk-show-video-podcast-ako-mene-pitas-2\/#breadcrumb"},"inLanguage":"it-IT","potentialAction":[{"@type":"ReadAction","target":["https:\/\/novigrad.hr\/it\/eventi\/talk-show-video-podcast-ako-mene-pitas-2\/"]}]},{"@type":"ImageObject","inLanguage":"it-IT","@id":"https:\/\/novigrad.hr\/it\/eventi\/talk-show-video-podcast-ako-mene-pitas-2\/#primaryimage","url":"https:\/\/novigrad.hr\/media\/2026\/04\/TV-baner_Talk-show_6.5.2026_-1536x864-1.jpg","contentUrl":"https:\/\/novigrad.hr\/media\/2026\/04\/TV-baner_Talk-show_6.5.2026_-1536x864-1.jpg","width":1536,"height":864},{"@type":"BreadcrumbList","@id":"https:\/\/novigrad.hr\/it\/eventi\/talk-show-video-podcast-ako-mene-pitas-2\/#breadcrumb","itemListElement":[{"@type":"ListItem","position":1,"name":"Home","item":"https:\/\/novigrad.hr\/it\/"},{"@type":"ListItem","position":2,"name":"Eventi","item":"https:\/\/novigrad.hr\/it\/eventi\/"},{"@type":"ListItem","position":3,"name":"TALK SHOW \/ VIDEO PODCAST : Se lo chiedi a me&#8230;"}]},{"@type":"WebSite","@id":"https:\/\/novigrad.hr\/it\/#website","url":"https:\/\/novigrad.hr\/it\/","name":"Grad Novigrad-Cittanova | La Citt\u00e0 di Novigrad-Cittanova","description":"Slu\u017ebene stranice Grada Novigrad-Cittanova | Sito ufficiale della Citt\u00e0 di Novigrad - Cittanova","publisher":{"@id":"https:\/\/novigrad.hr\/it\/#organization"},"alternateName":"Grad Novigrad-Cittanova | La Citt\u00e0 di Novigrad-Cittanova","potentialAction":[{"@type":"SearchAction","target":{"@type":"EntryPoint","urlTemplate":"https:\/\/novigrad.hr\/it\/?s={search_term_string}"},"query-input":{"@type":"PropertyValueSpecification","valueRequired":true,"valueName":"search_term_string"}}],"inLanguage":"it-IT"},{"@type":"Organization","@id":"https:\/\/novigrad.hr\/it\/#organization","name":"Grad Novigrad - Cittanova","url":"https:\/\/novigrad.hr\/it\/","logo":{"@type":"ImageObject","inLanguage":"it-IT","@id":"https:\/\/novigrad.hr\/it\/#\/schema\/logo\/image\/","url":"https:\/\/novigrad.hr\/media\/2022\/03\/NG-CN-logo.png","contentUrl":"https:\/\/novigrad.hr\/media\/2022\/03\/NG-CN-logo.png","width":600,"height":100,"caption":"Grad Novigrad - Cittanova"},"image":{"@id":"https:\/\/novigrad.hr\/it\/#\/schema\/logo\/image\/"}}]}},"_links":{"self":[{"href":"https:\/\/novigrad.hr\/it\/wp-json\/wp\/v2\/event\/98625","targetHints":{"allow":["GET"]}}],"collection":[{"href":"https:\/\/novigrad.hr\/it\/wp-json\/wp\/v2\/event"}],"about":[{"href":"https:\/\/novigrad.hr\/it\/wp-json\/wp\/v2\/types\/event"}],"author":[{"embeddable":true,"href":"https:\/\/novigrad.hr\/it\/wp-json\/wp\/v2\/users\/6"}],"version-history":[{"count":1,"href":"https:\/\/novigrad.hr\/it\/wp-json\/wp\/v2\/event\/98625\/revisions"}],"predecessor-version":[{"id":98627,"href":"https:\/\/novigrad.hr\/it\/wp-json\/wp\/v2\/event\/98625\/revisions\/98627"}],"wp:featuredmedia":[{"embeddable":true,"href":"https:\/\/novigrad.hr\/it\/wp-json\/wp\/v2\/media\/98626"}],"wp:attachment":[{"href":"https:\/\/novigrad.hr\/it\/wp-json\/wp\/v2\/media?parent=98625"}],"wp:term":[{"taxonomy":"organizer-taxonomy","embeddable":true,"href":"https:\/\/novigrad.hr\/it\/wp-json\/wp\/v2\/organizer-taxonomy?post=98625"},{"taxonomy":"event-taxonomy","embeddable":true,"href":"https:\/\/novigrad.hr\/it\/wp-json\/wp\/v2\/event-taxonomy?post=98625"}],"curies":[{"name":"wp","href":"https:\/\/api.w.org\/{rel}","templated":true}]}}